{"id":3791,"date":"2021-04-28T11:11:22","date_gmt":"2021-04-28T10:11:22","guid":{"rendered":"https:\/\/nunovalentim.com\/studio\/"},"modified":"2021-06-15T22:07:52","modified_gmt":"2021-06-15T21:07:52","slug":"studio","status":"publish","type":"page","link":"https:\/\/nunovalentim.com\/en\/studio\/","title":{"rendered":"Studio"},"content":{"rendered":"\t\t<div data-elementor-type=\"wp-page\" data-elementor-id=\"3791\" class=\"elementor elementor-3791 elementor-18\" data-elementor-post-type=\"page\">\n\t\t\t\t\t\t<section class=\"elementor-section elementor-top-section elementor-element elementor-element-c4e8ef0 elementor-section-full_width elementor-section-height-default elementor-section-height-default\" data-id=\"c4e8ef0\" data-element_type=\"section\" data-e-type=\"section\">\n\t\t\t\t\t\t<div class=\"elementor-container elementor-column-gap-default\">\n\t\t\t\t\t<div class=\"elementor-column elementor-col-66 elementor-top-column elementor-element elementor-element-f213cc2\" data-id=\"f213cc2\" data-element_type=\"column\" data-e-type=\"column\">\n\t\t\t<div class=\"elementor-widget-wrap elementor-element-populated\">\n\t\t\t\t\t\t<div class=\"elementor-element elementor-element-83c43c0 elementor-widget elementor-widget-accordion\" data-id=\"83c43c0\" data-element_type=\"widget\" data-e-type=\"widget\" data-widget_type=\"accordion.default\">\n\t\t\t\t<div class=\"elementor-widget-container\">\n\t\t\t\t\t\t\t<div class=\"elementor-accordion\">\n\t\t\t\t\t\t\t<div class=\"elementor-accordion-item\">\n\t\t\t\t\t<h3 id=\"elementor-tab-title-1381\" class=\"elementor-tab-title\" data-tab=\"1\" role=\"button\" aria-controls=\"elementor-tab-content-1381\" aria-expanded=\"false\">\n\t\t\t\t\t\t\t\t\t\t\t\t<a class=\"elementor-accordion-title\" tabindex=\"0\">Studio<\/a>\n\t\t\t\t\t<\/h3>\n\t\t\t\t\t<div id=\"elementor-tab-content-1381\" class=\"elementor-tab-content elementor-clearfix\" data-tab=\"1\" role=\"region\" aria-labelledby=\"elementor-tab-title-1381\"><p><img fetchpriority=\"high\" decoding=\"async\" class=\"alignnone wp-image-3356 size-large\" src=\"https:\/\/nunovalentim.com\/wp-content\/uploads\/2021\/01\/NunoValentim_Atelier-1024x747.jpeg\" alt=\"\" width=\"800\" height=\"584\" srcset=\"https:\/\/nunovalentim.com\/wp-content\/uploads\/2021\/01\/NunoValentim_Atelier-1024x747.jpeg 1024w, https:\/\/nunovalentim.com\/wp-content\/uploads\/2021\/01\/NunoValentim_Atelier-300x219.jpeg 300w, https:\/\/nunovalentim.com\/wp-content\/uploads\/2021\/01\/NunoValentim_Atelier-150x109.jpeg 150w, https:\/\/nunovalentim.com\/wp-content\/uploads\/2021\/01\/NunoValentim_Atelier-768x561.jpeg 768w, https:\/\/nunovalentim.com\/wp-content\/uploads\/2021\/01\/NunoValentim_Atelier-1536x1121.jpeg 1536w, https:\/\/nunovalentim.com\/wp-content\/uploads\/2021\/01\/NunoValentim_Atelier-2048x1495.jpeg 2048w\" sizes=\"(max-width: 800px) 100vw, 800px\" \/><\/p>\n<p>Nuno Valentim, Arquitectura e Reabilita\u00e7\u00e3o is an architectural practice founded in 1997 in Porto. It has more than 150 projects of different scales, programmes and frameworks.<\/p>\n<p>Among them are the Rehabilitation of the Andresen House\/Gallery of Biodiversity and the Salabert House in the Botanical Garden of Porto, the expansion of the Lyc\u00e9e Fran\u00e7ais of Porto and the project of the Rehabilitation\/Modernisation of the Bolh\u00e3o Market.<\/p>\n<p>His practice is attentive to the reality where it operates and to its physical and human analysis, where architecture is understood as an activity of synthesis between programme and context and the architect is recognised as an author and fundamental actor in the response to social, environmental and landscape needs.<\/p><\/p>\n<\/div>\n\t\t\t\t<\/div>\n\t\t\t\t\t\t\t<div class=\"elementor-accordion-item\">\n\t\t\t\t\t<h3 id=\"elementor-tab-title-1382\" class=\"elementor-tab-title\" data-tab=\"2\" role=\"button\" aria-controls=\"elementor-tab-content-1382\" aria-expanded=\"false\">\n\t\t\t\t\t\t\t\t\t\t\t\t<a class=\"elementor-accordion-title\" tabindex=\"0\">Nuno Valentim Lopes<\/a>\n\t\t\t\t\t<\/h3>\n\t\t\t\t\t<div id=\"elementor-tab-content-1382\" class=\"elementor-tab-content elementor-clearfix\" data-tab=\"2\" role=\"region\" aria-labelledby=\"elementor-tab-title-1382\"><p><img decoding=\"async\" class=\"size-medium wp-image-3362\" src=\"https:\/\/nunovalentim.com\/wp-content\/uploads\/2021\/01\/NunoValentim_JFFC136884-1p1-300x240.jpg\" alt=\"\" width=\"300\" height=\"240\" srcset=\"https:\/\/nunovalentim.com\/wp-content\/uploads\/2021\/01\/NunoValentim_JFFC136884-1p1-300x240.jpg 300w, https:\/\/nunovalentim.com\/wp-content\/uploads\/2021\/01\/NunoValentim_JFFC136884-1p1-1024x819.jpg 1024w, https:\/\/nunovalentim.com\/wp-content\/uploads\/2021\/01\/NunoValentim_JFFC136884-1p1-150x120.jpg 150w, https:\/\/nunovalentim.com\/wp-content\/uploads\/2021\/01\/NunoValentim_JFFC136884-1p1-768x614.jpg 768w, https:\/\/nunovalentim.com\/wp-content\/uploads\/2021\/01\/NunoValentim_JFFC136884-1p1-1536x1229.jpg 1536w, https:\/\/nunovalentim.com\/wp-content\/uploads\/2021\/01\/NunoValentim_JFFC136884-1p1-2048x1638.jpg 2048w\" sizes=\"(max-width: 300px) 100vw, 300px\" \/><\/p>\n<p><span style=\"font-weight: 400;\">(Porto, 1971)<\/span><\/p>\n<p><span style=\"font-weight: 400;\">Arquitecto (1995) e Doutor (2016) pela Faculdade de Arquitectura da Universidade do Porto.<\/span><\/p>\n<p><span style=\"font-weight: 400;\">Mestre em Reabilita\u00e7\u00e3o do Patrim\u00f3nio Edificado (2006) pela Faculdade de Engenharia da UP. <\/span><\/p>\n<p><span style=\"font-weight: 400;\">Foi bolseiro no IUAVenezia (It\u00e1lia) e TU-Delft (Holanda).<\/span><\/p>\n<p>Colaborou com Jo\u00e3o A. Rocha (1991), Lu\u00edsa Penha (1994) e com Jos\u00e9 Gigante (1995\/2004)<\/p>\n<p><span style=\"font-weight: 400;\">Exerce pr\u00e1tica de projecto pr\u00f3pria desde 1994 e conta com diversos pr\u00e9mios, confer\u00eancias e obras expostas e publicadas nacional e internacionalmente. <\/span><\/p>\n<p><span style=\"font-weight: 400;\">\u00c9 docente na FAUP desde 2005<\/span><\/p>\n<\/div>\n\t\t\t\t<\/div>\n\t\t\t\t\t\t\t<div class=\"elementor-accordion-item\">\n\t\t\t\t\t<h3 id=\"elementor-tab-title-1383\" class=\"elementor-tab-title\" data-tab=\"3\" role=\"button\" aria-controls=\"elementor-tab-content-1383\" aria-expanded=\"false\">\n\t\t\t\t\t\t\t\t\t\t\t\t<a class=\"elementor-accordion-title\" tabindex=\"0\">Frederico E\u00e7a<\/a>\n\t\t\t\t\t<\/h3>\n\t\t\t\t\t<div id=\"elementor-tab-content-1383\" class=\"elementor-tab-content elementor-clearfix\" data-tab=\"3\" role=\"region\" aria-labelledby=\"elementor-tab-title-1383\"><p><img decoding=\"async\" class=\"size-medium wp-image-3364\" src=\"https:\/\/wordpress-477430-1500524.cloudwaysapps.com\/wp-content\/uploads\/2021\/01\/FredericoEca_JFFQ0364335-5p4-300x240.jpg\" alt=\"\" width=\"300\" height=\"240\" srcset=\"https:\/\/nunovalentim.com\/wp-content\/uploads\/2021\/01\/FredericoEca_JFFQ0364335-5p4-300x240.jpg 300w, https:\/\/nunovalentim.com\/wp-content\/uploads\/2021\/01\/FredericoEca_JFFQ0364335-5p4-1024x819.jpg 1024w, https:\/\/nunovalentim.com\/wp-content\/uploads\/2021\/01\/FredericoEca_JFFQ0364335-5p4-150x120.jpg 150w, https:\/\/nunovalentim.com\/wp-content\/uploads\/2021\/01\/FredericoEca_JFFQ0364335-5p4-768x615.jpg 768w, https:\/\/nunovalentim.com\/wp-content\/uploads\/2021\/01\/FredericoEca_JFFQ0364335-5p4-1536x1229.jpg 1536w, https:\/\/nunovalentim.com\/wp-content\/uploads\/2021\/01\/FredericoEca_JFFQ0364335-5p4-2048x1639.jpg 2048w\" sizes=\"(max-width: 300px) 100vw, 300px\" \/><\/p>\n<p>(Porto, 1973)<\/p>\n<p>Licenciado em arquitectura pela FAUP, Porto (2000), com passagem pela FAU-U S.Paulo (Brasil).<\/p>\n<p>Colaborou com Pedro Ramalho e integra o gabinete de Nuno Valentim desde 1998 tamb\u00e9m como co-autor de diversas obras.<\/p>\n<\/div>\n\t\t\t\t<\/div>\n\t\t\t\t\t\t\t<div class=\"elementor-accordion-item\">\n\t\t\t\t\t<h3 id=\"elementor-tab-title-1384\" class=\"elementor-tab-title\" data-tab=\"4\" role=\"button\" aria-controls=\"elementor-tab-content-1384\" aria-expanded=\"false\">\n\t\t\t\t\t\t\t\t\t\t\t\t<a class=\"elementor-accordion-title\" tabindex=\"0\">Margarida Carvalho<\/a>\n\t\t\t\t\t<\/h3>\n\t\t\t\t\t<div id=\"elementor-tab-content-1384\" class=\"elementor-tab-content elementor-clearfix\" data-tab=\"4\" role=\"region\" aria-labelledby=\"elementor-tab-title-1384\"><p><img loading=\"lazy\" decoding=\"async\" class=\"size-medium wp-image-3366\" src=\"https:\/\/wordpress-477430-1500524.cloudwaysapps.com\/wp-content\/uploads\/2021\/01\/MargaridaCarvalho_JFFQ036390-1p1-300x300.jpg\" alt=\"\" width=\"300\" height=\"300\" srcset=\"https:\/\/nunovalentim.com\/wp-content\/uploads\/2021\/01\/MargaridaCarvalho_JFFQ036390-1p1-300x300.jpg 300w, https:\/\/nunovalentim.com\/wp-content\/uploads\/2021\/01\/MargaridaCarvalho_JFFQ036390-1p1-1024x1024.jpg 1024w, https:\/\/nunovalentim.com\/wp-content\/uploads\/2021\/01\/MargaridaCarvalho_JFFQ036390-1p1-150x150.jpg 150w, https:\/\/nunovalentim.com\/wp-content\/uploads\/2021\/01\/MargaridaCarvalho_JFFQ036390-1p1-768x768.jpg 768w, https:\/\/nunovalentim.com\/wp-content\/uploads\/2021\/01\/MargaridaCarvalho_JFFQ036390-1p1-1536x1536.jpg 1536w, https:\/\/nunovalentim.com\/wp-content\/uploads\/2021\/01\/MargaridaCarvalho_JFFQ036390-1p1-2048x2048.jpg 2048w\" sizes=\"(max-width: 300px) 100vw, 300px\" \/><\/p>\n<p><span style=\"font-weight: 400;\">(Porto, 1982)<\/span><\/p>\n<p><span style=\"font-weight: 400;\">Arquitecta, licenciada em arquitectura pela FAUP, Porto (2008) e formada em Estudos Avan\u00e7ados em Reabilita\u00e7\u00e3o do Patrim\u00f3nio Edificado pela FEUP, Porto (2014).<\/span><\/p>\n<p><span style=\"font-weight: 400;\">Integra o gabinete de Nuno Valentim desde 2008 tamb\u00e9m como co-autora de diversas obras.<\/span><\/p>\n<\/div>\n\t\t\t\t<\/div>\n\t\t\t\t\t\t\t<div class=\"elementor-accordion-item\">\n\t\t\t\t\t<h3 id=\"elementor-tab-title-1385\" class=\"elementor-tab-title\" data-tab=\"5\" role=\"button\" aria-controls=\"elementor-tab-content-1385\" aria-expanded=\"false\">\n\t\t\t\t\t\t\t\t\t\t\t\t<a class=\"elementor-accordion-title\" tabindex=\"0\">Margarida Ramos<\/a>\n\t\t\t\t\t<\/h3>\n\t\t\t\t\t<div id=\"elementor-tab-content-1385\" class=\"elementor-tab-content elementor-clearfix\" data-tab=\"5\" role=\"region\" aria-labelledby=\"elementor-tab-title-1385\"><p><img loading=\"lazy\" decoding=\"async\" class=\"alignnone size-medium wp-image-3375\" src=\"https:\/\/wordpress-477430-1500524.cloudwaysapps.com\/wp-content\/uploads\/2021\/01\/MargaridaRamos_JFFQ036365-1p1-300x300.jpg\" alt=\"\" width=\"300\" height=\"300\" srcset=\"https:\/\/nunovalentim.com\/wp-content\/uploads\/2021\/01\/MargaridaRamos_JFFQ036365-1p1-300x300.jpg 300w, https:\/\/nunovalentim.com\/wp-content\/uploads\/2021\/01\/MargaridaRamos_JFFQ036365-1p1-1024x1024.jpg 1024w, https:\/\/nunovalentim.com\/wp-content\/uploads\/2021\/01\/MargaridaRamos_JFFQ036365-1p1-150x150.jpg 150w, https:\/\/nunovalentim.com\/wp-content\/uploads\/2021\/01\/MargaridaRamos_JFFQ036365-1p1-768x768.jpg 768w, https:\/\/nunovalentim.com\/wp-content\/uploads\/2021\/01\/MargaridaRamos_JFFQ036365-1p1-1536x1536.jpg 1536w, https:\/\/nunovalentim.com\/wp-content\/uploads\/2021\/01\/MargaridaRamos_JFFQ036365-1p1-2048x2048.jpg 2048w\" sizes=\"(max-width: 300px) 100vw, 300px\" \/><\/p>\n<p><span style=\"font-weight: 400;\">(Porto, 1979)<\/span><\/p>\n<p><span style=\"font-weight: 400;\">Licenciada em arquitectura pela FAUP, Porto (2004). com passagem pelo Istituto Politecnico di Milano, e em artes pl\u00e1sticas &#8211; pintura pela FBAUP, Porto (2014).<\/span><\/p>\n<p><span style=\"font-weight: 400;\">Iniciou a colabora\u00e7\u00e3o com o gabinete de Nuno Valentim em 2004.<\/span><\/p>\n<p><span style=\"font-weight: 400;\">Foi volunt\u00e1ria da ONGD Leigos para o Desenvolvimento em Mo\u00e7ambique (2007\/2009).<\/span><\/p>\n<\/div>\n\t\t\t\t<\/div>\n\t\t\t\t\t\t\t<div class=\"elementor-accordion-item\">\n\t\t\t\t\t<h3 id=\"elementor-tab-title-1386\" class=\"elementor-tab-title\" data-tab=\"6\" role=\"button\" aria-controls=\"elementor-tab-content-1386\" aria-expanded=\"false\">\n\t\t\t\t\t\t\t\t\t\t\t\t<a class=\"elementor-accordion-title\" tabindex=\"0\">Filipa Ferreira<\/a>\n\t\t\t\t\t<\/h3>\n\t\t\t\t\t<div id=\"elementor-tab-content-1386\" class=\"elementor-tab-content elementor-clearfix\" data-tab=\"6\" role=\"region\" aria-labelledby=\"elementor-tab-title-1386\"><p><img loading=\"lazy\" decoding=\"async\" class=\"alignnone size-medium wp-image-3377\" src=\"https:\/\/wordpress-477430-1500524.cloudwaysapps.com\/wp-content\/uploads\/2021\/01\/FilipaFerreira_JFFQ036382-1p1-300x300.jpg\" alt=\"\" width=\"300\" height=\"300\" srcset=\"https:\/\/nunovalentim.com\/wp-content\/uploads\/2021\/01\/FilipaFerreira_JFFQ036382-1p1-300x300.jpg 300w, https:\/\/nunovalentim.com\/wp-content\/uploads\/2021\/01\/FilipaFerreira_JFFQ036382-1p1-1024x1024.jpg 1024w, https:\/\/nunovalentim.com\/wp-content\/uploads\/2021\/01\/FilipaFerreira_JFFQ036382-1p1-150x150.jpg 150w, https:\/\/nunovalentim.com\/wp-content\/uploads\/2021\/01\/FilipaFerreira_JFFQ036382-1p1-768x768.jpg 768w, https:\/\/nunovalentim.com\/wp-content\/uploads\/2021\/01\/FilipaFerreira_JFFQ036382-1p1-1536x1536.jpg 1536w, https:\/\/nunovalentim.com\/wp-content\/uploads\/2021\/01\/FilipaFerreira_JFFQ036382-1p1-2048x2048.jpg 2048w\" sizes=\"(max-width: 300px) 100vw, 300px\" \/><\/p>\n<p><span style=\"font-weight: 400;\">(Porto, 1989)<\/span><\/p>\n<p><span style=\"font-weight: 400;\">Mestre em arquitectura pela FAUP, Porto (2013).<\/span><\/p>\n<p><span style=\"font-weight: 400;\">Integra o gabinete de Nuno Valentim desde 2014.<\/span><\/p>\n<p><span style=\"font-weight: 400;\">Participou nas mostras colectivas \u201cDrawing in the University Today\u201d, I2ADS, 2013 e Galeria Ext\u00e9ril, Porto, 2018; e mostra individual \u201cO pr\u00f3ximo \u2018hoje 28 fev\u2019\u201d, Est\u00fadio UM, 2014.<\/span><\/p>\n<p><span style=\"font-weight: 400;\">Frequentou o curso livre de Desenho de Figura Humana FBAUP (2014-2015), integrou a <em>Experi\u00eancia do Desenho<\/em>, Projecto Cole\u00e7\u00e3o de Desenhos . Escola de Arquitectura do Porto, CEAU-FAUP (2016-2018), fazendo parte da organiza\u00e7\u00e3o desde 2019. Integra ainda a equipa do <em>Desenhat\u00f3rio<\/em>, promovido pelo mesmo projecto CEAU-FAUP. <\/span><\/p>\n<\/div>\n\t\t\t\t<\/div>\n\t\t\t\t\t\t\t<div class=\"elementor-accordion-item\">\n\t\t\t\t\t<h3 id=\"elementor-tab-title-1387\" class=\"elementor-tab-title\" data-tab=\"7\" role=\"button\" aria-controls=\"elementor-tab-content-1387\" aria-expanded=\"false\">\n\t\t\t\t\t\t\t\t\t\t\t\t<a class=\"elementor-accordion-title\" tabindex=\"0\">Rita Lima<\/a>\n\t\t\t\t\t<\/h3>\n\t\t\t\t\t<div id=\"elementor-tab-content-1387\" class=\"elementor-tab-content elementor-clearfix\" data-tab=\"7\" role=\"region\" aria-labelledby=\"elementor-tab-title-1387\"><p><img loading=\"lazy\" decoding=\"async\" class=\"alignnone size-medium wp-image-3380\" src=\"https:\/\/wordpress-477430-1500524.cloudwaysapps.com\/wp-content\/uploads\/2021\/01\/RitaLima_JFFQ036175-1p1-300x300.jpg\" alt=\"\" width=\"300\" height=\"300\" srcset=\"https:\/\/nunovalentim.com\/wp-content\/uploads\/2021\/01\/RitaLima_JFFQ036175-1p1-300x300.jpg 300w, https:\/\/nunovalentim.com\/wp-content\/uploads\/2021\/01\/RitaLima_JFFQ036175-1p1-1024x1024.jpg 1024w, https:\/\/nunovalentim.com\/wp-content\/uploads\/2021\/01\/RitaLima_JFFQ036175-1p1-150x150.jpg 150w, https:\/\/nunovalentim.com\/wp-content\/uploads\/2021\/01\/RitaLima_JFFQ036175-1p1-768x768.jpg 768w, https:\/\/nunovalentim.com\/wp-content\/uploads\/2021\/01\/RitaLima_JFFQ036175-1p1-1536x1536.jpg 1536w, https:\/\/nunovalentim.com\/wp-content\/uploads\/2021\/01\/RitaLima_JFFQ036175-1p1-2048x2048.jpg 2048w\" sizes=\"(max-width: 300px) 100vw, 300px\" \/><\/p><\/p>\n<\/div>\n\t\t\t\t<\/div>\n\t\t\t\t\t\t\t<div class=\"elementor-accordion-item\">\n\t\t\t\t\t<h3 id=\"elementor-tab-title-1388\" class=\"elementor-tab-title\" data-tab=\"8\" role=\"button\" aria-controls=\"elementor-tab-content-1388\" aria-expanded=\"false\">\n\t\t\t\t\t\t\t\t\t\t\t\t<a class=\"elementor-accordion-title\" tabindex=\"0\">Juliano Ribas<\/a>\n\t\t\t\t\t<\/h3>\n\t\t\t\t\t<div id=\"elementor-tab-content-1388\" class=\"elementor-tab-content elementor-clearfix\" data-tab=\"8\" role=\"region\" aria-labelledby=\"elementor-tab-title-1388\"><p><img loading=\"lazy\" decoding=\"async\" class=\"alignnone size-medium wp-image-3382\" style=\"font-size: 16px;\" src=\"https:\/\/wordpress-477430-1500524.cloudwaysapps.com\/wp-content\/uploads\/2021\/01\/JulianoRibas_JFFQ036348-1p1-300x300.jpg\" alt=\"\" width=\"300\" height=\"300\" srcset=\"https:\/\/nunovalentim.com\/wp-content\/uploads\/2021\/01\/JulianoRibas_JFFQ036348-1p1-300x300.jpg 300w, https:\/\/nunovalentim.com\/wp-content\/uploads\/2021\/01\/JulianoRibas_JFFQ036348-1p1-1024x1024.jpg 1024w, https:\/\/nunovalentim.com\/wp-content\/uploads\/2021\/01\/JulianoRibas_JFFQ036348-1p1-150x150.jpg 150w, https:\/\/nunovalentim.com\/wp-content\/uploads\/2021\/01\/JulianoRibas_JFFQ036348-1p1-768x768.jpg 768w, https:\/\/nunovalentim.com\/wp-content\/uploads\/2021\/01\/JulianoRibas_JFFQ036348-1p1-1536x1536.jpg 1536w, https:\/\/nunovalentim.com\/wp-content\/uploads\/2021\/01\/JulianoRibas_JFFQ036348-1p1-2048x2048.jpg 2048w\" sizes=\"(max-width: 300px) 100vw, 300px\" \/><\/p>\n<p><span style=\"font-weight: 400;\">(Matosinhos, 1988)<\/span><\/p>\n<p><span style=\"font-weight: 400;\">Mestre em arquitectura pela FAUP, Porto (2012). Colaborou com os escrit\u00f3rios Ascoral Arquitectura e Correia\/Ragazzi Arquitectos.<\/span><\/p>\n<p><span style=\"font-weight: 400;\">Integra o gabinete de Nuno Valentim desde 2014.<\/span><\/p>\n<\/div>\n\t\t\t\t<\/div>\n\t\t\t\t\t\t\t<div class=\"elementor-accordion-item\">\n\t\t\t\t\t<h3 id=\"elementor-tab-title-1389\" class=\"elementor-tab-title\" data-tab=\"9\" role=\"button\" aria-controls=\"elementor-tab-content-1389\" aria-expanded=\"false\">\n\t\t\t\t\t\t\t\t\t\t\t\t<a class=\"elementor-accordion-title\" tabindex=\"0\">Rita Furtado<\/a>\n\t\t\t\t\t<\/h3>\n\t\t\t\t\t<div id=\"elementor-tab-content-1389\" class=\"elementor-tab-content elementor-clearfix\" data-tab=\"9\" role=\"region\" aria-labelledby=\"elementor-tab-title-1389\"><p><span style=\"font-weight: 400;\">(P\u00f3voa de Varzim, 1991)<\/span><span style=\"font-weight: 400;\"><br \/><\/span><span style=\"font-weight: 400;\">Mestre em Arquitectura pela FAUP, Porto (2015), com passagem pela <\/span><span style=\"font-weight: 400;\">Accademia di Architettura<\/span><span style=\"font-weight: 400;\">, Mendrisio.<\/span><\/p>\n<p><span style=\"font-weight: 400;\">Colabora com o gabinete de Nuno Valentim desde 2018.<\/span><\/p>\n<\/div>\n\t\t\t\t<\/div>\n\t\t\t\t\t\t\t<div class=\"elementor-accordion-item\">\n\t\t\t\t\t<h3 id=\"elementor-tab-title-13810\" class=\"elementor-tab-title\" data-tab=\"10\" role=\"button\" aria-controls=\"elementor-tab-content-13810\" aria-expanded=\"false\">\n\t\t\t\t\t\t\t\t\t\t\t\t<a class=\"elementor-accordion-title\" tabindex=\"0\">Ailton Correia<\/a>\n\t\t\t\t\t<\/h3>\n\t\t\t\t\t<div id=\"elementor-tab-content-13810\" class=\"elementor-tab-content elementor-clearfix\" data-tab=\"10\" role=\"region\" aria-labelledby=\"elementor-tab-title-13810\"><p><span style=\"font-weight: 400;\">(Praia &#8211; Cabo Verde, 1989)<\/span><\/p>\n<p><span style=\"font-weight: 400;\">Mestre em arquitectura pela FAUP, Porto (2019).<\/span><\/p>\n<p><span style=\"font-weight: 400;\"> Colaborou com Lu\u00eds Pedro Silva e integra o gabinete de Nuno Valentim desde 2019.<\/span><\/p>\n<\/div>\n\t\t\t\t<\/div>\n\t\t\t\t\t\t\t<div class=\"elementor-accordion-item\">\n\t\t\t\t\t<h3 id=\"elementor-tab-title-13811\" class=\"elementor-tab-title\" data-tab=\"11\" role=\"button\" aria-controls=\"elementor-tab-content-13811\" aria-expanded=\"false\">\n\t\t\t\t\t\t\t\t\t\t\t\t<a class=\"elementor-accordion-title\" tabindex=\"0\">Marta Moreira<\/a>\n\t\t\t\t\t<\/h3>\n\t\t\t\t\t<div id=\"elementor-tab-content-13811\" class=\"elementor-tab-content elementor-clearfix\" data-tab=\"11\" role=\"region\" aria-labelledby=\"elementor-tab-title-13811\"><p><span style=\"font-weight: 400;\">(Guimar\u00e3es, 1994)<\/span><\/p>\n<p><span style=\"font-weight: 400;\">Mestre em arquitectura pela FAUP, Porto (2019), com passagem pela \u00c9cole Polytechnique F\u00e9d\u00e9rale de Lausanne. <\/span><\/p>\n<p><span style=\"font-weight: 400;\">Estagiou em Basileia no escrit\u00f3rio Herzog &amp; de Meuron. Integra o gabinete de Nuno Valentim desde 2019.<\/span><\/p>\n<\/div>\n\t\t\t\t<\/div>\n\t\t\t\t\t\t\t<div class=\"elementor-accordion-item\">\n\t\t\t\t\t<h3 id=\"elementor-tab-title-13812\" class=\"elementor-tab-title\" data-tab=\"12\" role=\"button\" aria-controls=\"elementor-tab-content-13812\" aria-expanded=\"false\">\n\t\t\t\t\t\t\t\t\t\t\t\t<a class=\"elementor-accordion-title\" tabindex=\"0\">Elsa Pinto<\/a>\n\t\t\t\t\t<\/h3>\n\t\t\t\t\t<div id=\"elementor-tab-content-13812\" class=\"elementor-tab-content elementor-clearfix\" data-tab=\"12\" role=\"region\" aria-labelledby=\"elementor-tab-title-13812\"><p><span style=\"font-weight: 400;\">(St.Gallen, 1992)<\/span><\/p>\n<p><span style=\"font-weight: 400;\">Mestre em arquitectura pela FAUP, Porto (2018). <\/span><\/p>\n<p><span style=\"font-weight: 400;\">Estagiou no Galeria Gabinete e integra o gabinete de Nuno Valentim desde 2019.<\/span><\/p>\n<\/div>\n\t\t\t\t<\/div>\n\t\t\t\t\t\t\t<div class=\"elementor-accordion-item\">\n\t\t\t\t\t<h3 id=\"elementor-tab-title-13813\" class=\"elementor-tab-title\" data-tab=\"13\" role=\"button\" aria-controls=\"elementor-tab-content-13813\" aria-expanded=\"false\">\n\t\t\t\t\t\t\t\t\t\t\t\t<a class=\"elementor-accordion-title\" tabindex=\"0\">Rebeca Domiciano<\/a>\n\t\t\t\t\t<\/h3>\n\t\t\t\t\t<div id=\"elementor-tab-content-13813\" class=\"elementor-tab-content elementor-clearfix\" data-tab=\"13\" role=\"region\" aria-labelledby=\"elementor-tab-title-13813\"><p><span style=\"font-weight: 400;\">(S\u00e3o Paulo, 1992)<\/span><\/p>\n<p><span style=\"font-weight: 400;\">Graduada em Arquitectura e Urbanismo pela Associa\u00e7\u00e3o Escola da Cidade \u2013 Faculdade de Arquitetura e Urbanismo, S\u00e3o Paulo (2017) e p\u00f3s graduada em \u2018Arquitetura, Educa\u00e7\u00e3o e Sociedade\u2019 (2019), destacando assist\u00eancia docente em projeto na mesma institui\u00e7\u00e3o. <\/span><\/p>\n<p><span style=\"font-weight: 400;\">P\u00f3s graduada em \u2018Estudos Avan\u00e7ados do Patrim\u00f3nio Arquitect\u00f3nico\u2019 pela FAUP, Porto (2020).<\/span><\/p>\n<p><span style=\"font-weight: 400;\">E atualmente \u00e9 mestranda em Hist\u00f3ria e Fundamentos da Arquitetura pela Faculdade de Arquitetura da Universidade de S\u00e3o Paulo (FAU-USP).<\/span><\/p>\n<p><span style=\"font-weight: 400;\">Colabora em escrit\u00f3rios em S\u00e3o Paulo e Porto desde 2016 e integra o gabinete de Nuno Valentim desde 2020.<\/span><\/p>\n<\/div>\n\t\t\t\t<\/div>\n\t\t\t\t\t\t\t<div class=\"elementor-accordion-item\">\n\t\t\t\t\t<h3 id=\"elementor-tab-title-13814\" class=\"elementor-tab-title\" data-tab=\"14\" role=\"button\" aria-controls=\"elementor-tab-content-13814\" aria-expanded=\"false\">\n\t\t\t\t\t\t\t\t\t\t\t\t<a class=\"elementor-accordion-title\" tabindex=\"0\">Sara Noronha<\/a>\n\t\t\t\t\t<\/h3>\n\t\t\t\t\t<div id=\"elementor-tab-content-13814\" class=\"elementor-tab-content elementor-clearfix\" data-tab=\"14\" role=\"region\" aria-labelledby=\"elementor-tab-title-13814\"><p><span style=\"font-weight: 400;\">(Funchal, 1990)<\/span><\/p>\n<p><span style=\"font-weight: 400;\">Mestre em arquitectura pela Universidade Lus\u00edada, Porto (2015).<\/span><\/p>\n<p><span style=\"font-weight: 400;\">Colaborou com Paulo David e Carlos Castanheira. Integra o gabinete de Nuno Valentim desde 2021.<\/span><\/p>\n<\/div>\n\t\t\t\t<\/div>\n\t\t\t\t\t\t\t<div class=\"elementor-accordion-item\">\n\t\t\t\t\t<h3 id=\"elementor-tab-title-13815\" class=\"elementor-tab-title\" data-tab=\"15\" role=\"button\" aria-controls=\"elementor-tab-content-13815\" aria-expanded=\"false\">\n\t\t\t\t\t\t\t\t\t\t\t\t<a class=\"elementor-accordion-title\" tabindex=\"0\">Teresa Sarmento<\/a>\n\t\t\t\t\t<\/h3>\n\t\t\t\t\t<div id=\"elementor-tab-content-13815\" class=\"elementor-tab-content elementor-clearfix\" data-tab=\"15\" role=\"region\" aria-labelledby=\"elementor-tab-title-13815\"><p><span style=\"font-weight: 400;\">\u00c9 designer, s\u00f3cia da empresa e colaboradora de Nuno Valentim desde 1999. <\/span><\/p>\n<p><span style=\"font-weight: 400;\">\u00c9 Doutora pela Faculdade de Engenharia da UP em Gest\u00e3o e Engenharia Industrial onde desenvolveu investiga\u00e7\u00e3o sobre Service Design e Servi\u00e7os de base tecnol\u00f3gica. \u00c9 docente na Universidade do Porto, no Mestrado de Engenharia de Servi\u00e7os e Gest\u00e3o e no Mestrado de Empreendedorismo Tecnol\u00f3gico. \u00c9 investigadora na Faculdade de Economia da UP onde desenvolve um trabalho de consultadoria da Porto Business School para a C\u00e2mara Municipal do Porto.<\/span><\/p>\n<\/div>\n\t\t\t\t<\/div>\n\t\t\t\t\t\t\t<div class=\"elementor-accordion-item\">\n\t\t\t\t\t<h3 id=\"elementor-tab-title-13816\" class=\"elementor-tab-title\" data-tab=\"16\" role=\"button\" aria-controls=\"elementor-tab-content-13816\" aria-expanded=\"false\">\n\t\t\t\t\t\t\t\t\t\t\t\t<a class=\"elementor-accordion-title\" tabindex=\"0\">Antigos colaboradores<\/a>\n\t\t\t\t\t<\/h3>\n\t\t\t\t\t<div id=\"elementor-tab-content-13816\" class=\"elementor-tab-content elementor-clearfix\" data-tab=\"16\" role=\"region\" aria-labelledby=\"elementor-tab-title-13816\"><p>Mariana Pimenta<\/p>\n<p>Jos\u00e9 Tavares<\/p>\n<p>Maria Ana Sousa Coutinho<\/p>\n<p>Nuno Borges<\/p>\n<p>Elia Bernardos<\/p>\n<p>Ricardo Mur\u00e7a<\/p>\n<p>Barbara Barbosa<\/p>\n<p>Ot\u00edlia Ayres Pereira<\/p>\n<p>Gon\u00e7alo Morgado<\/p>\n<p>Lu\u00edsa Barbosa Cardoso<\/p>\n<p>Carolina Manarte<\/p>\n<p>Pedro Lima da Costa<\/p>\n<p>Justine Lasserrade<\/p>\n<p>Francisca Lopes<\/p>\n<p>Julia <span data-hovercard-id=\"jula1992@gmail.com\" data-hovercard-owner-id=\"132\">\u017bak<\/span><\/p>\n<p>Rui Valentim<\/p>\n<p>Gabriel Singeski<\/p>\n<p>Paola Monzio<\/p>\n<p>Isabel Norton<\/p>\n<p>Carlos Janeco<\/p>\n<p>Joana Sarmento<\/p>\n<p>Marta Carvalho<\/p>\n<p>Jos\u00e9 da Fonseca Ramos<\/p>\n<\/div>\n\t\t\t\t<\/div>\n\t\t\t\t\t\t\t\t<\/div>\n\t\t\t\t\t\t<\/div>\n\t\t\t\t<\/div>\n\t\t\t\t\t<\/div>\n\t\t<\/div>\n\t\t\t\t<div class=\"elementor-column elementor-col-33 elementor-top-column elementor-element elementor-element-b9e3471 elementor-hidden-phone elementor-hidden-tablet\" data-id=\"b9e3471\" data-element_type=\"column\" data-e-type=\"column\">\n\t\t\t<div class=\"elementor-widget-wrap\">\n\t\t\t\t\t\t\t<\/div>\n\t\t<\/div>\n\t\t\t\t\t<\/div>\n\t\t<\/section>\n\t\t\t\t<\/div>\n\t\t","protected":false},"excerpt":{"rendered":"<p>Studio Nuno Valentim, Arquitectura e Reabilita\u00e7\u00e3o is an architectural practice founded in 1997 in Porto. It has more than 150 projects of different scales, programmes and frameworks. Among them are the Rehabilitation of the Andresen House\/Gallery of Biodiversity and the Salabert House in the Botanical Garden of Porto, the expansion of the Lyc\u00e9e Fran\u00e7ais of [&hellip;]<\/p>\n","protected":false},"author":1,"featured_media":3357,"parent":0,"menu_order":0,"comment_status":"closed","ping_status":"closed","template":"elementor_header_footer","meta":{"_acf_changed":false,"footnotes":""},"class_list":["post-3791","page","type-page","status-publish","has-post-thumbnail","hentry"],"acf":[],"yoast_head":"<!-- This site is optimized with the Yoast SEO plugin v28.2 - https:\/\/yoast.com\/product\/yoast-seo-wordpress\/ -->\n<title>Studio - NUNO VALENTIM ARQUITECTURA<\/title>\n<meta name=\"robots\" content=\"index, follow, max-snippet:-1, max-image-preview:large, max-video-preview:-1\" \/>\n<link rel=\"canonical\" href=\"https:\/\/nunovalentim.com\/en\/studio\/\" \/>\n<meta property=\"og:locale\" content=\"en_US\" \/>\n<meta property=\"og:type\" content=\"article\" \/>\n<meta property=\"og:title\" content=\"Studio - NUNO VALENTIM ARQUITECTURA\" \/>\n<meta property=\"og:description\" content=\"Studio Nuno Valentim, Arquitectura e Reabilita\u00e7\u00e3o is an architectural practice founded in 1997 in Porto. It has more than 150 projects of different scales, programmes and frameworks. Among them are the Rehabilitation of the Andresen House\/Gallery of Biodiversity and the Salabert House in the Botanical Garden of Porto, the expansion of the Lyc\u00e9e Fran\u00e7ais of [&hellip;]\" \/>\n<meta property=\"og:url\" content=\"https:\/\/nunovalentim.com\/en\/studio\/\" \/>\n<meta property=\"og:site_name\" content=\"NUNO VALENTIM ARQUITECTURA\" \/>\n<meta property=\"article:modified_time\" content=\"2021-06-15T21:07:52+00:00\" \/>\n<meta property=\"og:image\" content=\"https:\/\/nunovalentim.com\/wp-content\/uploads\/2021\/01\/NunoValentim_Atelier-scaled.jpeg\" \/>\n\t<meta property=\"og:image:width\" content=\"2560\" \/>\n\t<meta property=\"og:image:height\" content=\"1868\" \/>\n\t<meta property=\"og:image:type\" content=\"image\/jpeg\" \/>\n<meta name=\"twitter:card\" content=\"summary_large_image\" \/>\n<meta name=\"twitter:label1\" content=\"Est. reading time\" \/>\n\t<meta name=\"twitter:data1\" content=\"4 minutes\" \/>\n<script type=\"application\/ld+json\" class=\"yoast-schema-graph\">{\"@context\":\"https:\\\/\\\/schema.org\",\"@graph\":[{\"@type\":\"WebPage\",\"@id\":\"https:\\\/\\\/nunovalentim.com\\\/en\\\/studio\\\/\",\"url\":\"https:\\\/\\\/nunovalentim.com\\\/en\\\/studio\\\/\",\"name\":\"Studio - NUNO VALENTIM ARQUITECTURA\",\"isPartOf\":{\"@id\":\"https:\\\/\\\/nunovalentim.com\\\/#website\"},\"primaryImageOfPage\":{\"@id\":\"https:\\\/\\\/nunovalentim.com\\\/en\\\/studio\\\/#primaryimage\"},\"image\":{\"@id\":\"https:\\\/\\\/nunovalentim.com\\\/en\\\/studio\\\/#primaryimage\"},\"thumbnailUrl\":\"https:\\\/\\\/nunovalentim.com\\\/wp-content\\\/uploads\\\/2021\\\/01\\\/NunoValentim_Atelier-scaled.jpeg\",\"datePublished\":\"2021-04-28T10:11:22+00:00\",\"dateModified\":\"2021-06-15T21:07:52+00:00\",\"breadcrumb\":{\"@id\":\"https:\\\/\\\/nunovalentim.com\\\/en\\\/studio\\\/#breadcrumb\"},\"inLanguage\":\"en-US\",\"potentialAction\":[{\"@type\":\"ReadAction\",\"target\":[\"https:\\\/\\\/nunovalentim.com\\\/en\\\/studio\\\/\"]}]},{\"@type\":\"ImageObject\",\"inLanguage\":\"en-US\",\"@id\":\"https:\\\/\\\/nunovalentim.com\\\/en\\\/studio\\\/#primaryimage\",\"url\":\"https:\\\/\\\/nunovalentim.com\\\/wp-content\\\/uploads\\\/2021\\\/01\\\/NunoValentim_Atelier-scaled.jpeg\",\"contentUrl\":\"https:\\\/\\\/nunovalentim.com\\\/wp-content\\\/uploads\\\/2021\\\/01\\\/NunoValentim_Atelier-scaled.jpeg\",\"width\":2560,\"height\":1868},{\"@type\":\"BreadcrumbList\",\"@id\":\"https:\\\/\\\/nunovalentim.com\\\/en\\\/studio\\\/#breadcrumb\",\"itemListElement\":[{\"@type\":\"ListItem\",\"position\":1,\"name\":\"In\u00edcio\",\"item\":\"https:\\\/\\\/nunovalentim.com\\\/en\\\/home\\\/\"},{\"@type\":\"ListItem\",\"position\":2,\"name\":\"Studio\"}]},{\"@type\":\"WebSite\",\"@id\":\"https:\\\/\\\/nunovalentim.com\\\/#website\",\"url\":\"https:\\\/\\\/nunovalentim.com\\\/\",\"name\":\"NUNO VALENTIM ARQUITECTURA\",\"description\":\"Architectural strategies for complex realities. A Porto based atelier.\",\"potentialAction\":[{\"@type\":\"SearchAction\",\"target\":{\"@type\":\"EntryPoint\",\"urlTemplate\":\"https:\\\/\\\/nunovalentim.com\\\/?s={search_term_string}\"},\"query-input\":{\"@type\":\"PropertyValueSpecification\",\"valueRequired\":true,\"valueName\":\"search_term_string\"}}],\"inLanguage\":\"en-US\"}]}<\/script>\n<!-- \/ Yoast SEO plugin. -->","yoast_head_json":{"title":"Studio - NUNO VALENTIM ARQUITECTURA","robots":{"index":"index","follow":"follow","max-snippet":"max-snippet:-1","max-image-preview":"max-image-preview:large","max-video-preview":"max-video-preview:-1"},"canonical":"https:\/\/nunovalentim.com\/en\/studio\/","og_locale":"en_US","og_type":"article","og_title":"Studio - NUNO VALENTIM ARQUITECTURA","og_description":"Studio Nuno Valentim, Arquitectura e Reabilita\u00e7\u00e3o is an architectural practice founded in 1997 in Porto. It has more than 150 projects of different scales, programmes and frameworks. Among them are the Rehabilitation of the Andresen House\/Gallery of Biodiversity and the Salabert House in the Botanical Garden of Porto, the expansion of the Lyc\u00e9e Fran\u00e7ais of [&hellip;]","og_url":"https:\/\/nunovalentim.com\/en\/studio\/","og_site_name":"NUNO VALENTIM ARQUITECTURA","article_modified_time":"2021-06-15T21:07:52+00:00","og_image":[{"width":2560,"height":1868,"url":"https:\/\/nunovalentim.com\/wp-content\/uploads\/2021\/01\/NunoValentim_Atelier-scaled.jpeg","type":"image\/jpeg"}],"twitter_card":"summary_large_image","twitter_misc":{"Est. reading time":"4 minutes"},"schema":{"@context":"https:\/\/schema.org","@graph":[{"@type":"WebPage","@id":"https:\/\/nunovalentim.com\/en\/studio\/","url":"https:\/\/nunovalentim.com\/en\/studio\/","name":"Studio - NUNO VALENTIM ARQUITECTURA","isPartOf":{"@id":"https:\/\/nunovalentim.com\/#website"},"primaryImageOfPage":{"@id":"https:\/\/nunovalentim.com\/en\/studio\/#primaryimage"},"image":{"@id":"https:\/\/nunovalentim.com\/en\/studio\/#primaryimage"},"thumbnailUrl":"https:\/\/nunovalentim.com\/wp-content\/uploads\/2021\/01\/NunoValentim_Atelier-scaled.jpeg","datePublished":"2021-04-28T10:11:22+00:00","dateModified":"2021-06-15T21:07:52+00:00","breadcrumb":{"@id":"https:\/\/nunovalentim.com\/en\/studio\/#breadcrumb"},"inLanguage":"en-US","potentialAction":[{"@type":"ReadAction","target":["https:\/\/nunovalentim.com\/en\/studio\/"]}]},{"@type":"ImageObject","inLanguage":"en-US","@id":"https:\/\/nunovalentim.com\/en\/studio\/#primaryimage","url":"https:\/\/nunovalentim.com\/wp-content\/uploads\/2021\/01\/NunoValentim_Atelier-scaled.jpeg","contentUrl":"https:\/\/nunovalentim.com\/wp-content\/uploads\/2021\/01\/NunoValentim_Atelier-scaled.jpeg","width":2560,"height":1868},{"@type":"BreadcrumbList","@id":"https:\/\/nunovalentim.com\/en\/studio\/#breadcrumb","itemListElement":[{"@type":"ListItem","position":1,"name":"In\u00edcio","item":"https:\/\/nunovalentim.com\/en\/home\/"},{"@type":"ListItem","position":2,"name":"Studio"}]},{"@type":"WebSite","@id":"https:\/\/nunovalentim.com\/#website","url":"https:\/\/nunovalentim.com\/","name":"NUNO VALENTIM ARQUITECTURA","description":"Architectural strategies for complex realities. A Porto based atelier.","potentialAction":[{"@type":"SearchAction","target":{"@type":"EntryPoint","urlTemplate":"https:\/\/nunovalentim.com\/?s={search_term_string}"},"query-input":{"@type":"PropertyValueSpecification","valueRequired":true,"valueName":"search_term_string"}}],"inLanguage":"en-US"}]}},"_links":{"self":[{"href":"https:\/\/nunovalentim.com\/en\/wp-json\/wp\/v2\/pages\/3791","targetHints":{"allow":["GET"]}}],"collection":[{"href":"https:\/\/nunovalentim.com\/en\/wp-json\/wp\/v2\/pages"}],"about":[{"href":"https:\/\/nunovalentim.com\/en\/wp-json\/wp\/v2\/types\/page"}],"author":[{"embeddable":true,"href":"https:\/\/nunovalentim.com\/en\/wp-json\/wp\/v2\/users\/1"}],"replies":[{"embeddable":true,"href":"https:\/\/nunovalentim.com\/en\/wp-json\/wp\/v2\/comments?post=3791"}],"version-history":[{"count":9,"href":"https:\/\/nunovalentim.com\/en\/wp-json\/wp\/v2\/pages\/3791\/revisions"}],"predecessor-version":[{"id":4342,"href":"https:\/\/nunovalentim.com\/en\/wp-json\/wp\/v2\/pages\/3791\/revisions\/4342"}],"wp:featuredmedia":[{"embeddable":true,"href":"https:\/\/nunovalentim.com\/en\/wp-json\/wp\/v2\/media\/3357"}],"wp:attachment":[{"href":"https:\/\/nunovalentim.com\/en\/wp-json\/wp\/v2\/media?parent=3791"}],"curies":[{"name":"wp","href":"https:\/\/api.w.org\/{rel}","templated":true}]}}